{"id":5226,"date":"2020-12-11T21:28:51","date_gmt":"2020-12-11T20:28:51","guid":{"rendered":"https:\/\/zinnings.be\/actualites-et-blog\/"},"modified":"2021-07-01T16:57:22","modified_gmt":"2021-07-01T14:57:22","slug":"actualites-et-blog","status":"publish","type":"page","link":"https:\/\/zinnings.be\/fr\/actualites-et-blog\/","title":{"rendered":"Actualit\u00e9s et blog"},"content":{"rendered":"<p>[et_pb_section fb_built=&#8221;1&#8243; fullwidth=&#8221;on&#8221; admin_label=&#8221;Call to Action&#8221; module_id=&#8221;formations&#8221; _builder_version=&#8221;4.6.3&#8243; bottom_divider_style=&#8221;mountains&#8221; bottom_divider_color=&#8221;#ffffff&#8221; bottom_divider_height=&#8221;61px&#8221; bottom_divider_flip=&#8221;vertical&#8221; animation_style=&#8221;slide&#8221; animation_direction=&#8221;bottom&#8221; animation_intensity_slide=&#8221;6%&#8221; animation_starting_opacity=&#8221;100%&#8221; locked=&#8221;off&#8221;][et_pb_fullwidth_header title=&#8221;Actualit\u00e9s et blog&#8221; _builder_version=&#8221;4.6.3&#8243; _module_preset=&#8221;default&#8221; title_font=&#8221;Verdana|600|||||||&#8221; title_text_align=&#8221;center&#8221; title_text_color=&#8221;#ffffff&#8221; title_font_size=&#8221;33px&#8221; title_line_height=&#8221;1.4em&#8221; background_image=&#8221;https:\/\/zinnings.be\/wp-content\/uploads\/2020\/05\/hEcMn83A-1.jpeg&#8221; parallax=&#8221;on&#8221;][\/et_pb_fullwidth_header][\/et_pb_section][et_pb_section fb_built=&#8221;1&#8243; _builder_version=&#8221;4.6.1&#8243; _module_preset=&#8221;default&#8221; min_height=&#8221;135px&#8221;][et_pb_row module_id=&#8221;BlogGezondheidseconoom&#8221; _builder_version=&#8221;4.6.1&#8243; _module_preset=&#8221;default&#8221;][et_pb_column type=&#8221;4_4&#8243; _builder_version=&#8221;4.6.1&#8243; _module_preset=&#8221;default&#8221;][et_pb_toggle title=&#8221;1\/7\/2020 &#8211; Formations \u00ab ouvertes \u00bb : de nouvelles dates: %22Ethiek, zin in zinderend zinnigs%22 (en n\u00e9erlandais),\u00a0 27+28 sept 2021 et 15+16 d\u00e9c 2021.&#8221; icon_color=&#8221;#e09900&#8243; use_icon_font_size=&#8221;on&#8221; icon_font_size=&#8221;32px&#8221; module_id=&#8221;News20201105&#8243; _builder_version=&#8221;4.8.2&#8243; _module_preset=&#8221;default&#8221; border_radii=&#8221;on|7px|7px|7px|7px&#8221; border_width_all=&#8221;2px&#8221; border_color_all=&#8221;#000000&#8243; box_shadow_style=&#8221;preset2&#8243;]<\/p>\n<p><strong>9h00 &#8211; Geetbets : Heerlijckyt van Elsmeren, Belgique<\/strong>. Le cours &#8220;Zin in zinderend zinnigs&#8221; (en n\u00e9erlandais): cours de base de deux jours sur l&#8217;\u00e9thique, une application pratique des grands courants occidentaux en mati\u00e8re d&#8217;\u00e9thique.<br \/> Prix : \u20ac 850,00 TVA comprise pour le cours de deux jours avec nuit\u00e9e. 25% de r\u00e9duction pour les particuliers, les ASBL et les SC dans le secteur social.<\/p>\n<p>&nbsp;<\/p>\n<p><a href=\"https:\/\/zinnings.be\/fr\/sinscrire\/\">S\u2019INSCRIRE<\/a><\/p>\n<p><strong>\u00a0<\/strong><\/p>\n<p>[\/et_pb_toggle][et_pb_toggle title=&#8221;5\/11\/2020 &#8211; Formations \u00ab ouvertes \u00bb : de nouvelles dates: %22Ethiek, zin in zinderend zinnigs%22 (en n\u00e9erlandais), 25+26 mai 2021 et 28+29 juin 2021.&#8221; icon_color=&#8221;#e09900&#8243; use_icon_font_size=&#8221;on&#8221; icon_font_size=&#8221;32px&#8221; module_id=&#8221;News20201105&#8243; _builder_version=&#8221;4.8.2&#8243; _module_preset=&#8221;default&#8221; border_radii=&#8221;on|7px|7px|7px|7px&#8221; border_width_all=&#8221;2px&#8221; border_color_all=&#8221;#000000&#8243; box_shadow_style=&#8221;preset2&#8243;]<\/p>\n<p><strong>9h00 &#8211; Geetbets : Heerlijckyt van Elsmeren, Belgique<\/strong>. Le cours &#8220;Zin in zinderend zinnigs&#8221; (en n\u00e9erlandais): cours de base de deux jours sur l&#8217;\u00e9thique, une application pratique des grands courants occidentaux en mati\u00e8re d&#8217;\u00e9thique.<br \/> Prix : \u20ac 850,00 TVA comprise pour le cours de deux jours avec nuit\u00e9e. 25% de r\u00e9duction pour les particuliers, les ASBL et les SC dans le secteur social.<\/p>\n<p>&nbsp;<\/p>\n<p><a href=\"https:\/\/zinnings.be\/fr\/sinscrire\/\">S\u2019INSCRIRE<\/a><\/p>\n<p><strong>\u00a0<\/strong><\/p>\n<p>[\/et_pb_toggle][et_pb_toggle title=&#8221;23\/10\/2020 &#8211; L&#8217;\u00e9galit\u00e9 des chances derri\u00e8re un voile d&#8217;ignorance&#8221; icon_color=&#8221;#e09900&#8243; use_icon_font_size=&#8221;on&#8221; icon_font_size=&#8221;32px&#8221; module_id=&#8221;BlogMeritocratie&#8221; _builder_version=&#8221;4.8.1&#8243; _module_preset=&#8221;default&#8221; border_radii=&#8221;on|7px|7px|7px|7px&#8221; border_width_all=&#8221;2px&#8221; border_color_all=&#8221;#e09900&#8243; box_shadow_style=&#8221;preset2&#8243;]<\/p>\n<p>\u00c0 l&#8217;occasion du festival<strong><a href=\"https:\/\/future-proof.be\/\" target=\"_blank\" rel=\"noopener noreferrer\">FutureProof<\/a><\/strong> de <strong><a href=\"https:\/\/www.broederlijkdelen.be\/fr\" target=\"_blank\" rel=\"noopener noreferrer\">Broederlijk Delen<\/a><\/strong> et <strong><a href=\"https:\/\/www.oxfamwereldwinkels.be\/\" target=\"_blank\" rel=\"noopener noreferrer\">OXFAM Magasins du monde<\/a><\/strong>, on m&#8217;a demand\u00e9 :<\/p>\n<p>&#8220;Lorsque vos petits-enfants se souviendront de ce jour, que trouveront ils inimaginable que nous consid\u00e9rions comme normal aujourd&#8217;hui ? En d&#8217;autres termes : qu&#8217;est-ce qui caract\u00e9rise notre soci\u00e9t\u00e9 aujourd&#8217;hui ? O\u00f9 sont nos angles morts ? &#8220;<\/p>\n<p>&nbsp;<\/p>\n<p>Une des choses qui m&#8217;est venue \u00e0 l&#8217;esprit, et que j&#8217;ai exprim\u00e9e dans le <a href=\"https:\/\/future-proof.be\/podcasts\/\" target=\"_blank\" rel=\"noopener noreferrer\"><strong>podcast<\/strong><\/a>, est la suivante :<\/p>\n<p><strong>L&#8217;id\u00e9e de la m\u00e9ritocratie : l&#8217;id\u00e9e comme si on avait \u00e9limin\u00e9 le destin, la co\u00efncidence. <\/strong>.<\/p>\n<p>Je pense qu&#8217;ils vont \u00eatre surpris que nous nous soyons laiss\u00e9 emporter comme \u00e7a au d\u00e9but du 21 <sup>e<\/sup><\/p>\n<p>Si vous r\u00e9ussissez, c&#8217;est votre propre m\u00e9rite, et vous ne devez rien ou personne \u00e0 la gratitude ou \u00e0 la solidarit\u00e9 ; si vous \u00eates malheureux ou pauvre, c&#8217;est de votre propre faute, vous auriez d\u00fb saisir votre chance comme tout le monde. C&#8217;est, je pense, une m\u00e9ritocratie en folie.<\/p>\n<p>Il n&#8217;y a rien de mal \u00e0 stimuler l&#8217;ambition et l&#8217;esprit d&#8217;entreprise, je suis tout \u00e0 fait pour ; c&#8217;est utile et n\u00e9cessaire, mais pas suffisant.<\/p>\n<p>Elle ne tient pas compte de l&#8217;imperfection de chaque politique d&#8217;\u00e9galit\u00e9 de chances, et du hasard que des personnes aux talents diff\u00e9rents se heurtent \u00e0 des obstacles diff\u00e9rents.<\/p>\n<p>La stimulation de l&#8217;\u00e9galit\u00e9 des chances est hyper importante et aussi hyper complexe ; en outre, \u00e0 mon avis, une soci\u00e9t\u00e9 solidaire est n\u00e9cessaire, parce que le hasard, le parcours v\u00e9cu et le contexte ne se neutralisent pas de mani\u00e8re simple. La solidarit\u00e9, fond\u00e9e sur l&#8217;\u00e9quit\u00e9, doit y veiller, entre individus, entre groupes, entre pays et entre continents.<\/p>\n<p>Ils regarderont en arri\u00e8re et diront : &#8220;pourquoi n&#8217;y avait-il pas une plus grande dose de modestie et de solidarit\u00e9 dans cette ambition de ces gens en 2020 ?<\/p>\n<p>&nbsp;<\/p>\n<p><strong>Et quel est le rapport avec l&#8217;\u00e9thique ?<\/strong><\/p>\n<p>Avec les id\u00e9es de John Rawls, auteur de &#8220;A Theory of Justice&#8221; (&#8220;Une th\u00e9orie de la justice&#8221;), nous pouvons tr\u00e8s facilement tester si une politique d&#8217;\u00e9galit\u00e9 des chances a r\u00e9ussi \u00e0 rendre la soci\u00e9t\u00e9 suffisamment juste.<\/p>\n<p>Rawls a constat\u00e9 que les formes les plus justes d\u2019organisation de notre soci\u00e9t\u00e9 naissent lorsque les gens passent des accords derri\u00e8re le &#8220;voile de l&#8217;ignorance&#8221;.<\/p>\n<p>&nbsp;<\/p>\n<p>Un exemple simple : votre d\u00e9partement est r\u00e9organis\u00e9 et vous discutez avec vos 5 managers de la r\u00e9partition des responsabilit\u00e9s, des objectifs, des budgets et des membres de l&#8217;\u00e9quipe entre les cinq diff\u00e9rents services. Votre entreprise valorise la polyvalence.<\/p>\n<p style=\"padding-left: 30px;\">\u00a0Imaginez que chaque responsable sache \u00e0 l&#8217;avance quel service il ou elle va diriger. Tirer et pousser, crier et hurler, souffler et soupirer, remplissent la salle de r\u00e9union. Le ou la plus bruyant-e apporte les ressources les plus importantes pour son propre service. Tous les autres restent avec l&#8217;id\u00e9e qu&#8217;ils ont trop peu de ressources pour avoir autant de chances de r\u00e9ussite que leur voisin.<\/p>\n<p style=\"padding-left: 30px;\">\u00a0Rawls propose une approche diff\u00e9rente : vous dites que nous nous mettons d&#8217;abord d&#8217;accord sur toutes les allocations de ressources et de responsabilit\u00e9s, et que ce n&#8217;est qu&#8217;ensuite que le destin d\u00e9cidera qui dirigera quel d\u00e9partement. Le &#8220;voile de l&#8217;ignorance&#8221; rend soudain flous vos int\u00e9r\u00eats personnels. En tout cas, vous voulez toujours avoir autant de chances de succ\u00e8s que les autres, mais comment allez-vous y parvenir ? Et bien, Rawls dit, en donnant \u00e0 chaque \u00e9quipe une chance \u00e9quitable au succ\u00e8s, avec un \u00e9quilibre \u00e9gal entre les ressources allou\u00e9es et les objectifs \u00e0 atteindre.<strong> (*)<\/strong><\/p>\n<p>\u00a0 Selon cette th\u00e9orie de la justice (\u00ab justice as fairness \u00bb), les gens trouvent le r\u00e9sultat du second sc\u00e9nario plus juste : une fois que vous ne vous souciez plus du r\u00f4le que vous allez assumer, vous avez probablement trouv\u00e9 une r\u00e9partition juste et \u00e9quitable des r\u00f4les.<\/p>\n<p>&nbsp;<\/p>\n<p>Le lien avec la n\u00e9cessit\u00e9 du duo &#8220;\u00e9galit\u00e9 des chances + solidarit\u00e9&#8221; est alors rapidement fait, \u00e0 travers une simple th\u00e9orie.<\/p>\n<p style=\"padding-left: 30px;\">\u00a0Supposons que tout le monde doive red\u00e9marrer sa vie. Demandez \u00e0 chacun combien d&#8217;argent il souhaite donner pour avoir plus de chances de rena\u00eetre dans un endroit particulier de la plan\u00e8te, ou simplement pour \u00e9viter un autre endroit. Ou plus simplement : combien d&#8217;argent seriez-vous pr\u00eat \u00e0 d\u00e9penser pour rester dans le pays o\u00f9 vous vivez actuellement? Ou sur le continent o\u00f9 vous vivez actuellement? Ou combien d&#8217;argent voulez-vous donner pour \u00eatre exempt\u00e9 de la loterie de la renaissance? Tant qu&#8217;il y aura des gens qui voudront parier de l&#8217;argent, les r\u00e9sultats des politiques d&#8217;\u00e9galit\u00e9 des chances dans notre monde ne seront pas tout \u00e0 fait satisfaisants.<\/p>\n<p style=\"padding-left: 30px;\">\u00a0Bien s\u00fbr, les pr\u00e9f\u00e9rences personnelles jouent \u00e9galement un r\u00f4le, quelqu&#8217;un peut pr\u00e9f\u00e9rer la ville \u00e0 la campagne ou vice versa ; vous pouvez neutraliser cela en \u00e9liminant le type de climat, urbain-plateau-c\u00f4te et autres \u00e9l\u00e9ments pr\u00e9f\u00e9rentiels en limitant par exemple l&#8217;\u00e9change virtuel \u00e0 votre propre municipalit\u00e9. Ou : vous voulez faire un swap avec une personne exer\u00e7ant la m\u00eame profession dans un autre pays, juste pour un trimestre?<\/p>\n<p style=\"padding-left: 30px;\">\u00a0Tant qu\u2019il y en a qui ne veulent pas \u00e9changer leur r\u00f4le contre une autre position dans la soci\u00e9t\u00e9, la fa\u00e7on dont nous organisons l&#8217;\u00e9galit\u00e9 des chances n\u2019est pas encore assez \u00ab juste de la fa\u00e7on Rawls \u00bb. Nous avons besoin de solidarit\u00e9 pour rendre tout cela \u00e9quitable.<\/p>\n<p style=\"padding-left: 30px;\"><strong>\u00a0<\/strong>Peut-\u00eatre devrions-nous inclure un tel thermom\u00e8tre d&#8217;ignorance dans nos statistiques sociales : l&#8217;indicateur d&#8217;in\u00e9galit\u00e9 : (la somme d&#8217;argent &#8220;je reste o\u00f9 je suis&#8221; + la somme d&#8217;argent &#8220;j&#8217;\u00e9change, je fais le swap avec une autre&#8221;) \/ le pourcentage &#8220;\u00e7a m\u2019est pareil&#8221;. Un score plus haut \u00e9gale \u00e0 la constatation que les r\u00e9sultats de notre politique d&#8217;\u00e9galit\u00e9 des chances sont faibles.<\/p>\n<p><strong>\u00a0<\/strong><\/p>\n<p>A l&#8217;inverse, selon Rawls, seule la solidarit\u00e9 n&#8217;est pas b\u00e9atifique non plus, il n&#8217;a certainement pas dit que seule une \u00e9galit\u00e9 totale peut combler notre sens de la justice. Il a formul\u00e9 un certain nombre de conditions pour que les gens per\u00e7oivent les diff\u00e9rences entre les gens comme \u00e9tant justes, et l&#8217;une de ces conditions est pr\u00e9cis\u00e9ment que chacun ait un acc\u00e8s \u00e9gal \u00e0 un r\u00f4le qui b\u00e9n\u00e9ficie d&#8217;une diff\u00e9rence avantageuse.<\/p>\n<p>&nbsp;<\/p>\n<p>Ce texte aurait donc pu commencer de mani\u00e8re compl\u00e8tement diff\u00e9rente : la solidarit\u00e9 ne suffit pas, il faut aussi l&#8217;\u00e9galit\u00e9 des chances. Mais \u00e7a, c&#8217;est pour la prochaine fois.<\/p>\n<p>&nbsp;<\/p>\n<p>(*) <em> S&#8217;il n&#8217;est pas tr\u00e8s cr\u00e9dible que chaque responsable puisse g\u00e9rer chaque d\u00e9partement, un autre principe de Rawls sugg\u00e8re encore une approche plus juste de la r\u00e9organisation. Impliquez des personnes qui n&#8217;ont aucun int\u00e9r\u00eat \u00e0 fausser l&#8217;\u00e9quilibre entre les objectifs\/ressources, ou cr\u00e9ez des objectifs de groupe, ou faites d\u00e9pendre le bonus (si vous vraiment voulez utiliser ce type de r\u00e9mun\u00e9ration) du r\u00e9sultat le plus bas au sein de l&#8217;\u00e9quipe de direction. <\/em><\/p>\n<p>[\/et_pb_toggle][et_pb_toggle title=&#8221;7\/10\/2020 \u2013 Les Lumi\u00e8res entre Alost et Bruxelles.&#8221; icon_color=&#8221;#e09900&#8243; use_icon_font_size=&#8221;on&#8221; icon_font_size=&#8221;32px&#8221; module_id=&#8221;BlogAalst&#8221; _builder_version=&#8221;4.6.3&#8243; _module_preset=&#8221;default&#8221; border_radii=&#8221;on|7px|7px|7px|7px&#8221; border_width_all=&#8221;2px&#8221; border_color_all=&#8221;#e09900&#8243; box_shadow_style=&#8221;preset2&#8243;]<\/p>\n<p>Le maire d&#8217;Alost a dit qu&#8217;il refusera les patients bruxellois covid-19 parce que les autorit\u00e9s bruxelloises doivent apprendre \u00e0 adopter une politique de corona plus stricte, <strong>&#8220;les limites de notre solidarit\u00e9 m\u00e9dicale ont \u00e9t\u00e9 atteintes&#8221;<\/strong>.\n<\/p>\n<p>&nbsp;<\/p>\n<p>Oui, que faut-il en penser?\n<\/p>\n<p>Je me suis dit, voyons ce qu&#8217;en penserait le philosophe des Lumi\u00e8res, Emmanuel Kant, encore souvent cit\u00e9. Nous nous accrochons tous aux valeurs des Lumi\u00e8res de nos jours, n&#8217;est-ce pas ? Beaucoup pensent qu&#8217;elles nous d\u00e9finissent bien, comme peuple, comme culture, comme opinion publique.\n<\/p>\n<p>&nbsp;<\/p>\n<p>Kant a recherch\u00e9 certains crit\u00e8res qui s&#8217;appliqueraient toujours pour d\u00e9terminer si votre comportement est \u00e9thique ou non. Non pas ces r\u00e8gles qui s&#8217;appliquent parfois si et parfois non, mais des normes qui s&#8217;appliquent tout simplement toujours \u00e0 tous et en toutes circonstances. &#8220;Cat\u00e9gorique&#8221; quoi.  Vous deviez les suivre, sinon votre comportement ne serait pas \u00e9thique, point \u00e0 la ligne. Et le devoir est un imp\u00e9ratif, donc ce qu&#8217;il cherchait \u00e9tait un imp\u00e9ratif cat\u00e9gorique.\n<\/p>\n<p>&nbsp;<\/p>\n<p>Le point de d\u00e9part de ces r\u00e8gles \u00e9tait que chaque \u00eatre humain est un \u00eatre rationnel avec une dignit\u00e9 que personne ne devrait renier. Vous \u00eates \u00e9galement libre, et cette libert\u00e9 donne du poids aux choix que vous faites : votre comportement n&#8217;est vraiment \u00e9thique que si vous avez \u00e9galement eu le choix d&#8217;agir de mani\u00e8re non \u00e9thique, mais en toute libert\u00e9 vous avez consciemment opt\u00e9 pour l&#8217;action la plus \u00e9thique. L&#8217;intention compte.\n<\/p>\n<p>Il a finalement formul\u00e9 trois r\u00e8gles dans son &#8220;imp\u00e9ratif cat\u00e9gorique&#8221;. L&#8217;une des trois est la suivante : vous ne pouvez pas utiliser un \u00eatre humain uniquement comme un moyen d&#8217;atteindre un autre objectif. Traiter chaque \u00eatre humain comme une fin, et non comme un simple moyen \u00e0 une autre fin. Si un \u00eatre humain est bless\u00e9, manipul\u00e9 ou maltrait\u00e9, aucune fin ne justifie les moyens, selon Kant.\n<\/p>\n<p>C&#8217;est une r\u00e8gle tr\u00e8s appropri\u00e9e pour r\u00e9gler une question d&#8217;actualit\u00e9 : la noyade de personnes r\u00e9fugi\u00e9es en M\u00e9diterran\u00e9e, en fonction d&#8217;un effet dissuasif accru aupr\u00e8s de la population des pays d&#8217;origine. Vous utilisez une vie humaine comme moyen de communication? Je crois bien, et je pense que cela ne passerait pas le test \u00e9thique de Kant. Kant dirait : &#8220;Sauvez d\u2019abord chaque \u00eatre humain, et les effets sur la perception des autres candidats r\u00e9fugi\u00e9s sont secondaires&#8221;.\n<\/p>\n<p>La question d&#8217;Alost-Bruxelles peut \u00e9galement \u00eatre mise \u00e0 l&#8217;\u00e9preuve: peut-on refuser \u00e0 une personne des soins intensifs, afin de r\u00e9gler un probl\u00e8me de gestion publique ou, pire encore, une rivalit\u00e9 politique? Laisser quelques malades mijoter dans l&#8217;incertitude juste pour donner des le\u00e7ons \u00e0 leurs coll\u00e8gues politiques? Selon les valeurs des Lumi\u00e8res, il est clair que ce serait une violation flagrante du principe &#8220;la personne comme fin, pas uniquement comme moyen&#8221;. Et donc, selon Kant, ce n&#8217;est pas \u00e9thique.\n<\/p>\n<p>Comme pour toutes les r\u00e8gles d&#8217;\u00e9thique, il y a des limites \u00e0 l&#8217;interpr\u00e9tation aveugle de cette \u00e9thique du devoir. Si vous payez un salaire \u00e0 quelqu&#8217;un pour tondre votre pelouse, n&#8217;utilisez-vous pas ce jardinier comme un simple outil, un moyen? Si vous traitez ce jardinier avec respect, et si l&#8217;accord sur le paiement de cette corv\u00e9e a \u00e9t\u00e9 ratifi\u00e9 par les deux parties en toute autonomie, alors &#8220;purement comme un moyen&#8221; ne s&#8217;applique pas. Une conclusion diff\u00e9rente se d\u00e9gage si une personne impliqu\u00e9e se sent manipul\u00e9e ou abus\u00e9e.\n<\/p>\n<p>Traiter un \u00eatre humain comme un simple moyen, c&#8217;est lui nuire d\u00e9lib\u00e9r\u00e9ment, en fonction d&#8217;un autre objectif.\n<\/p>\n<p>Oui, je vous entends dire, mais il se peut que pendant une pand\u00e9mie, vous ne puissiez pas toujours donner un lit \u00e0 tout le monde? Alors on nuit, non? Supposons que les h\u00f4pitaux soient inond\u00e9s, vous devriez choisir qui vous accueillerez et qui vous n\u2019accueillerez pas. Dans ce dernier cas, n&#8217;est-on pas &#8220;en train d&#8217;infliger d\u00e9lib\u00e9r\u00e9ment des dommages&#8221; ?\n<\/p>\n<p>Eh bien, tout d&#8217;abord, ce n&#8217;est pas en fonction d&#8217;un autre objectif. Deuxi\u00e8mement, Kant a \u00e9galement pens\u00e9 qu&#8217;il fallait toujours regarder le degr\u00e9 de libert\u00e9 et d&#8217;intention, et pas seulement le comportement concret. Si vous n&#8217;avez pas la possibilit\u00e9 et la libert\u00e9 de soigner tout le monde, vous ne devez pas vous en vouloir de ne pas pouvoir remplir cette option impossible. Du moins tant que vous n&#8217;avez pas eu l&#8217;intention de refuser consciemment aux gens de s&#8217;en soucier. Contrairement, si vous vous comportez de la m\u00eame mani\u00e8re mais vous avez l&#8217;intention explicite de causer des dommages sans que les circonstances ne vous placent devant un dilemme, alors cette m\u00eame action n&#8217;est pas \u00e9thique, selon Kant.\n<\/p>\n<p>Vous pouvez donc vous demander si tous les lits d&#8217;Alost sont occup\u00e9s en ce moment, et si les soins sont refus\u00e9s par n\u00e9cessit\u00e9 ou par intention. Un extrait d\u2019un journal :\n<\/p>\n<p style=\"padding-left: 30px;\">&#8220;Ce n&#8217;est pas le cas que la capacit\u00e9 soit d\u00e9pass\u00e9e par les personnes venant de Bruxelles&#8221;, d\u00e9clare le porte-parole Chris Van Raemdonck (de l&#8217;ASZ). &#8220;Ce n&#8217;est certainement pas le cas.&#8221; (De Morgen)\n<\/p>\n<p>Ne serait-il pas agr\u00e9able qu&#8217;en de telles mati\u00e8res, nous ayons tous \u00e0 sugg\u00e9rer &#8220;l&#8217;homme comme une fin, pas seulement comme un moyen&#8221;, et que chacun comprenne imm\u00e9diatement ce que nous voulons dire? Que ce concept fait partie de notre vocabulaire commun, enseign\u00e9e \u00e0 l&#8217;\u00e9cole pour rendre le dialogue sur notre sens de la justice plus efficace ?\n<\/p>\n<p>Les ateliers de mis\u00e8re : non-\u00e9thique parce que &#8220;l&#8217;homme est une fin, pas seulement un moyen&#8221;! Expulser des enfants qui sont n\u00e9es ici parce que &#8220;la loi est la loi et nous ne voulons pas cr\u00e9er une perception d&#8217;impunit\u00e9&#8221; : ne le faites pas, &#8220;l&#8217;homme seulement comme moyen&#8221;! Une entreprise pharmaceutique qui intervient dans la couverture m\u00e9diatique du cri de d\u00e9tresse des parents d&#8217;un enfant malade, juste au moment o\u00f9 un accord est n\u00e9goci\u00e9 avec le ministre de la sant\u00e9 sur le prix du m\u00e9dicament : c&#8217;est contraire \u00e0 l&#8217;\u00e9thique de Kant, et il a un concept pour nommer cela : &#8220;l&#8217;homme comme simple moyen&#8221; !\n<\/p>\n<p>Cool, ce Si\u00e8cle des Lumi\u00e8res.\n<\/p>\n<p>&nbsp;<\/p>\n<p><a href=\"https:\/\/www.demorgen.be\/nieuws\/aalst-wil-brusselse-coronapatienten-weigeren-grenzen-van-medische-solidariteit-zijn-bereikt~bfc14944\/\">https:\/\/www.demorgen.be\/nieuws\/aalst-wil-brusselse-coronapatienten-weigeren-grenzen-van-medische-solidariteit-zijn-bereikt~bfc14944\/<\/a><\/p>\n<p><a href=\"https:\/\/www.standaard.be\/cnt\/DMF20130503_00566874\">https:\/\/www.standaard.be\/cnt\/DMF20130503_00566874<\/a><\/p>\n<p><a href=\"https:\/\/www.tijd.be\/politiek-economie\/belgie\/algemeen\/ziekenhuizen-elke-dag-opnieuw-moeten-we-puzzelen\/10256174\">https:\/\/www.tijd.be\/politiek-economie\/belgie\/algemeen\/ziekenhuizen-elke-dag-opnieuw-moeten-we-puzzelen\/10256174<\/a><\/p>\n<p>[\/et_pb_toggle][et_pb_toggle title=&#8221;24\/09\/2020 &#8211; Un \u00e9conomiste de la sant\u00e9 a-t-il une autre boussole morale que vous et moi ?&#8221; icon_color=&#8221;#e09900&#8243; use_icon_font_size=&#8221;on&#8221; icon_font_size=&#8221;32px&#8221; module_id=&#8221;BlogGezondheidseconoom&#8221; _builder_version=&#8221;4.6.3&#8243; _module_preset=&#8221;default&#8221; border_radii=&#8221;on|7px|7px|7px|7px&#8221; border_width_all=&#8221;2px&#8221; border_color_all=&#8221;#e09900&#8243; box_shadow_style=&#8221;preset2&#8243;]<\/p>\n<p>Les \u00e9conomistes de la sant\u00e9, en justifiant leurs positions, mettent souvent l&#8217;accent sur la r\u00e9flexion des cons\u00e9quences positives et n\u00e9gatives de leurs propositions, et soutiennent qu&#8217;il vaut mieux choisir l&#8217;action ayant le plus grand impact positif net sur la soci\u00e9t\u00e9. Une sorte de comptabilit\u00e9 des plus et des moins r\u00e9sultant d&#8217;une action, et l&#8217;action ayant le gain net le plus important est alors le choix le plus \u00e9thique (&#8220;Une analyse co\u00fbts-b\u00e9n\u00e9fices, donc&#8221;, vrtnws.be 31\/3\/2020).\n<\/p>\n<p><span style=\"text-decoration: underline;\">Cette fa\u00e7on de d\u00e9lib\u00e9rer moralement est-elle bas\u00e9e sur la pens\u00e9e historique?<br \/>\n<\/span><\/p>\n<p>Oui, au XVIIIe si\u00e8cle, il y a eu une r\u00e9action \u00e0 la domination de l&#8217;\u00e9thique de l&#8217;\u00e9poque impos\u00e9e d&#8217;un point de vue religieux, ce qui signifiait que vous deviez mener une vie vertueuse, sinon Dieu vous punirait. Le cons\u00e9quentialisme, ou l&#8217;\u00e9thique des cons\u00e9quences, ne voulait plus d&#8217;une boussole morale bas\u00e9e sur la peur, affirmait que l&#8217;homme pouvait lui-m\u00eame peser ce qui \u00e9tait le mieux pour lui, et partait pour l&#8217;impartialit\u00e9 et l&#8217;utilit\u00e9 : le plus grand bonheur pour le plus grand nombre de personnes. Vous \u00eates responsable des cons\u00e9quences de vos actes, et vous n&#8217;avez d&#8217;\u00e9thique que lorsque vous examinez les cons\u00e9quences pour chaque personne affect\u00e9e par vos actes, et que vous agissez ensuite en fonction de ce qui est le plus b\u00e9n\u00e9fique au total.<\/p>\n<p>Ce mouvement \u00e9thique a historiquement promu beaucoup de bonnes choses, comme le suffrage universel, et compte encore de nombreux et influents partisans. Il y a Peter Singer, par exemple, qui a grandement influenc\u00e9 la r\u00e9flexion sur le bien-\u00eatre des animaux et l\u2019efficacit\u00e9 de l&#8217;aide au d\u00e9veloppement. On peut \u00e9galement dire que la politique climatique gagnerait \u00e0 \u00eatre un peu plus consciente des cons\u00e9quences \u00e0 long terme que la politique actuelle.<\/p>\n<p><span style=\"text-decoration: underline;\">Mais le pur raisonnement selon l&#8217;\u00e9thique des cons\u00e9quences se heurte aussi en fin de compte \u00e0 des limites.<br \/>\n<\/span><\/p>\n<p>Imaginez que vous \u00eates un m\u00e9decin urgentiste et que dans votre service il y a quatre patients : un homme presque en bonne sant\u00e9 et trois personnes qui ont chacune un organe d\u00e9faillant diff\u00e9rent. Sans organe de donneur, ces trois personnes mourront rapidement. L&#8217;\u00e9thique des cons\u00e9quences dirait ici: la meilleure chose \u00e0 faire est de sacrifier l&#8217;homme sain (un moins) et de sauver les trois autres avec les organes de cet homme (trois plus). Effet net : + deux. Tout le monde sentira que cela ne colle pas tout \u00e0 fait \u00e0 votre sens de la justice : apparemment, le droit individuel \u00e0 l&#8217;autonomie sur son corps nous semble tous \u00e0 peser lourd dans cette question. Le regard du cons\u00e9quentialiste semble voir la for\u00eat, mais pas les arbres.\n<\/p>\n<p>L&#8217;application d&#8217;une \u00e9thique des cons\u00e9quences a donc ses limites, car elle met les minorit\u00e9s sous pression: le b\u00e9n\u00e9fice total pour la majorit\u00e9 semble l&#8217;emporter sur les droits fondamentaux de quelques-uns. Tr\u00e8s souvent, le concept de &#8220;soutien de l\u2019opinion publique&#8221; est l&#8217;articulation d&#8217;un raisonnement de cons\u00e9quences: par exemple en temps de corona un cons\u00e9quentialiste pourrait dire: &#8220;la majorit\u00e9 aspire \u00e0 plus de libert\u00e9 de mouvement, donc je trouve que les nombreux petits plus qui vont avec le fait de rendre cette libert\u00e9 de mouvement \u00e0 la majorit\u00e9 sont d\u00e9cisifs, ind\u00e9pendamment des cons\u00e9quences n\u00e9gatives majeures pour quelques-uns&#8221;.<\/p>\n<p>Une autre difficult\u00e9 est que toutes les cons\u00e9quences ne peuvent pas \u00eatre exprim\u00e9es en chiffres, et en plus, les cons\u00e9quences peuvent parfois \u00eatre mal jug\u00e9es. Par exemple, selon des \u00e9tudes r\u00e9centes, l&#8217;impact des mesures strictes contre le corona sur l&#8217;\u00e9conomie semble \u00eatre moins important qu&#8217;on ne le pensait initialement : \u00e7\u2019est plut\u00f4t le niveau de peur pour le virus qui influence la volont\u00e9 des consommateurs \u00e0 d\u00e9penser (comme le soulignent notamment Gert Peersman et Paul De Grauwe).\n<\/p>\n<p>L&#8217;\u00e9thique des cons\u00e9quences est donc tr\u00e8s sensible au soin avec lequel elles sont trait\u00e9es.<\/p>\n<p><span style=\"text-decoration: underline;\">Et il est souvent utile de mieux raisonner sur le plan \u00e9thique si on le combine avec la r\u00e9flexion sur d&#8217;autres concepts \u00e9thiques, tels que les devoirs et les droits, la libert\u00e9, l&#8217;autonomie, la responsabilit\u00e9 et les vertus.<\/span><\/p>\n<p>Heureusement, les \u00e9conomistes de la sant\u00e9 le confirment parfois \u00e0 contrec\u0153ur : &#8220;Dans certains cas, le calcul de l&#8217;\u00e9conomiste de la sant\u00e9 ne compte pas. (De Standaard, 1\/4\/2020)\n<\/p>\n<p>Quelle serait, par exemple, la cons\u00e9quence si les h\u00f4pitaux commen\u00e7aient \u00e0 refuser les patients atteints de corona et abandonnaient le principe selon lequel la soci\u00e9t\u00e9 prend soin de tout le monde? Peut-\u00eatre que le personnel de sant\u00e9 refuserait alors de travailler, au motif qu&#8217;il n&#8217;est pas juste que les personnes les plus expos\u00e9es au risque d&#8217;infection ne se voient plus proposer de soins. Quelles seront les cons\u00e9quences politiques si les citoyens qui ont contribu\u00e9 toute leur vie au financement de la s\u00e9curit\u00e9 social remarquent que le gouvernement dit qu&#8217;il est bien OK de ne plus faire de son mieux pour tout le monde?\n<\/p>\n<p><span>Il semble que ce soit une bonne chose que la politique ne soit pas ax\u00e9e sur un examen unilat\u00e9ral des cons\u00e9quences, mais que d&#8217;autres principes doivent \u00e9galement jouer leur r\u00f4le.<br \/>\n<\/span><\/p>\n<p><strong>Peut-\u00eatre que les droits et les devoirs, les vertus et la justice devraient fixer la limite inf\u00e9rieure de la politique, et dans ce cadre alors nous pouvions choisir la politique ayant les cons\u00e9quences les plus positives sur le bien-\u00eatre.<br \/>\n<\/strong><\/p>\n<p>[\/et_pb_toggle][et_pb_toggle title=&#8221;24\/09\/2020 &#8211; Date suppl\u00e9mentaire de la formation ouverte %22\u00c9thique : faire du sens%22 : 7+8 d\u00e9cembre 2020&#8243; icon_color=&#8221;#e09900&#8243; use_icon_font_size=&#8221;on&#8221; icon_font_size=&#8221;32px&#8221; _builder_version=&#8221;4.6.3&#8243; _module_preset=&#8221;default&#8221; border_radii=&#8221;on|7px|7px|7px|7px&#8221; border_width_all=&#8221;2px&#8221; border_color_all=&#8221;#000000&#8243; box_shadow_style=&#8221;preset2&#8243;]<\/p>\n<p><strong>9h00 &#8211; Geetbets : Heerlijckyt van Elsmeren, Belgique<\/strong>. Le cours &#8220;Zin in zinderend zinnigs&#8221; (en n\u00e9erlandais): cours de base de deux jours sur l&#8217;\u00e9thique, une application pratique des grands courants occidentaux en mati\u00e8re d&#8217;\u00e9thique.<br \/>\n<br \/> Prix : \u20ac 850,00 TVA comprise pour le cours de deux jours avec nuit\u00e9e. 25% de r\u00e9duction pour les particuliers, les ASBL et les SC dans le secteur social.\n<\/p>\n<p>&nbsp;<\/p>\n<p><a href=\"https:\/\/zinnings.be\/fr\/sinscrire\/\">S\u2019INSCRIRE<\/a><\/p>\n<p><strong>\u00a0<\/strong><\/p>\n<p>[\/et_pb_toggle][et_pb_toggle title=&#8221;23\/09\/2020 &#8211; Un virologue a-t-il une autre boussole morale que vous et moi ?&#8221; icon_color=&#8221;#e09900&#8243; use_icon_font_size=&#8221;on&#8221; icon_font_size=&#8221;32px&#8221; module_id=&#8221;BlogViroloog&#8221; _builder_version=&#8221;4.8.1&#8243; _module_preset=&#8221;default&#8221; border_radii=&#8221;on|7px|7px|7px|7px&#8221; border_width_all=&#8221;2px&#8221; border_color_all=&#8221;#e09900&#8243; box_shadow_style=&#8221;preset2&#8243;]<\/p>\n<p>En Belgique, les virologues sont li\u00e9s par le serment du m\u00e9decin et le code des m\u00e9decins. L&#8217;essence de cette d\u00e9marche est &#8220;une m\u00e9decine de qualit\u00e9 au service de nos semblables et de la soci\u00e9t\u00e9&#8230;&#8221;, avec des principes directeurs tels que le professionnalisme, le respect, l&#8217;int\u00e9grit\u00e9 et la responsabilit\u00e9.<\/p>\n<p>L&#8217;essence de ces lignes directrices est que vous respecterez la dignit\u00e9 et l&#8217;autonomie de la personne n\u00e9cessitant des soins avec int\u00e9grit\u00e9 et professionnalisme dans votre tentative de la r\u00e9tablir. Et avant tout: ne faire de mal \u00e0 personne.<\/p>\n<p><span style=\"text-decoration: underline;\">L&#8217;\u00e9thique de la vertu :<\/span><\/p>\n<p>Une partie de ce code repose sur l&#8217;id\u00e9e qu&#8217;un m\u00e9decin doit se comporter de mani\u00e8re vertueuse : il doit faire de son mieux, \u00eatre courageux, traiter tout le monde de la m\u00eame mani\u00e8re, rejeter les exc\u00e8s, faire preuve de bon sens et, en toutes circonstances, prendre la responsabilit\u00e9 de ne pas nuire \u00e0 la profession. &#8220;Am\u00e9liorez le monde, commencez &#8211; en tant que m\u00e9decin &#8211; par vous-m\u00eame&#8221;.<\/p>\n<p>En \u00e9thique, c&#8217;est le mouvement connu sous le nom d&#8217;\u00e9thique de la vertu. D&#8217;un point de vue historique, elle figurait d\u00e9j\u00e0 chez les philosophes grecs, et elle est encore tr\u00e8s pr\u00e9sente aujourd&#8217;hui ; p.ex. via l&#8217;\u00e9thicien vertueux Alisdair MacIntyre, elle a fortement influenc\u00e9 la politique d&#8217;int\u00e9grit\u00e9 des gouvernements.<\/p>\n<p>En effet, montrer l\u2019exemple permet souvent d&#8217;influencer positivement son environnement (neurones miroirs, vous vous souvenez?), et en appliquant cette approche vous gardez tout en main et ainsi on \u00e9vite le fatalisme.<\/p>\n<p>Le th\u00e8me central du courage et de la responsabilit\u00e9 explique aussi que les virologues sugg\u00e8rent parfois avec indignation que les politiciens n&#8217;ont pas os\u00e9 d\u00e9fendre les d\u00e9cisions politiques dans les m\u00e9dias. Et le principe de non-violence explique l&#8217;attente que des ressources soient mises de c\u00f4t\u00e9 pour fournir un lit d&#8217;h\u00f4pital \u00e0 chacun.<\/p>\n<p>Mais un focus trop \u00e9troit sur ses vertus n&#8217;est pas toujours d\u2019application: si votre opinion blesse inutilement quelqu&#8217;un, ne laisseriez-vous pas votre honn\u00eatet\u00e9 vertueuse derri\u00e8re vous? Il semble que parfois, il faut \u00e9galement \u00e9valuer les cons\u00e9quences de vos actes et pas seulement les vertus. Pour le dire cr\u00fbment: le regard d&#8217;un \u00e9thicien vertueux ne voit souvent que son arbre, et non la for\u00eat. Pour les \u00e9pid\u00e9miologistes, cela est assez \u00e9vident, ils regardent effectivement bien au-del\u00e0 du traitement du patient individuel, mais passent parfois \u00e0 c\u00f4t\u00e9 des cons\u00e9quences non m\u00e9dicales dans leur analyse.<\/p>\n<p><span style=\"text-decoration: underline;\">L&#8217;\u00e9thique du devoir :<\/span><\/p>\n<p>Une autre partie de l\u2019id\u00e9e derri\u00e8re le code des m\u00e9decins est que chaque \u00eatre humain a une dignit\u00e9 et une autonomie que tout autre \u00eatre humain doit respecter. C&#8217;est \u00e9galement la th\u00e8se centrale d&#8217;Immanuel Kant, le philosophe du Si\u00e8cle des Lumi\u00e8res qui a soulign\u00e9 la responsabilit\u00e9 que nous avons sur nos actions. Il affirme que nous sommes des \u00eatres rationnels libres et que des droits et des devoirs en d\u00e9coulent; nous ne pouvons agir que dans le respect de la dignit\u00e9 et de la libert\u00e9 de chaque \u00eatre humain. D&#8217;o\u00f9 l&#8217;accent mis dans le Code des m\u00e9decins sur l&#8217;autonomie et le respect du patient.<\/p>\n<p>L&#8217;\u00e9closion de l&#8217;id\u00e9e des droits de l&#8217;homme est la principale r\u00e9alisation historique de cette philosophie, qui aujourd&#8217;hui reste d&#8217;une actualit\u00e9 incontestable. Les multiples tentatives (par le langage, par le \u00ab framing \u00bb) de d\u00e9shumanisation de groupes tels que les r\u00e9fugi\u00e9s ou les immigrants pourraient \u00eatre consid\u00e9r\u00e9es comme une confirmation du fait que le respect des droits des hommes est ancr\u00e9 dans le sens de la justice de chacun : ce n&#8217;est que lorsque nous ne consid\u00e9rons plus les autres comme des \u00eatres humains que notre conscience nous permet de leur refuser leurs droits.<\/p>\n<p>Le probl\u00e8me de l&#8217;application aveugle de cette approche de principe r\u00e9side dans la p\u00e9nurie des ressources. M\u00eame un m\u00e9decin doit parfois recourir au triage : qui vais-je traiter en premier et qui devra attendre? Autre exemple : vous ne pouvez pas continuer \u00e0 tester chaque m\u00e9dicament ind\u00e9finiment jusqu&#8217;\u00e0 ce que vous soyez s\u00fbr qu&#8217;il n&#8217;y a vraiment aucun effet secondaire sur n\u2019importe quel type de maladie rare. Parfois, il faut avoir le courage de prendre une d\u00e9cision au moment o\u00f9 l&#8217;on dit que l&#8217;on a fait de son mieux et que les cons\u00e9quences d&#8217;en faire encore plus seraient n\u00e9gatives. &#8220;Le mieux est l&#8217;ennemi du bien&#8221;.<\/p>\n<p><span style=\"text-decoration: underline;\">Avons-nous \u00e9galement besoin d&#8217;une \u00e9thique des cons\u00e9quences et d&#8217;une \u00e9thique de la justice ?<br \/> <\/span><\/p>\n<p>L&#8217;orientation donn\u00e9e aux m\u00e9decins par le code et le serment est guid\u00e9e par l&#8217;\u00e9thique de la vertu et l&#8217;\u00e9thique du devoir, elle semble un excellent guide car elle encourage l&#8217;action, prend en compte les droits du patient et place la barre tr\u00e8s haut pour le m\u00e9decin lui-m\u00eame. Mais le besoin d&#8217;une vision sociale plus large et la p\u00e9nurie des ressources dans notre soci\u00e9t\u00e9 signifient que cette approche vertueuse et consciencieuse des questions sociales b\u00e9n\u00e9ficiera d\u2019un examen critique des cons\u00e9quences.<\/p>\n<p><span style=\"text-decoration: underline;\">Chacun a une boussole morale individuelle qui porte les traces de chaque concept \u00e9thique.<br \/> <\/span><\/p>\n<p>Je crois que les virologues, les \u00e9conomistes de la sant\u00e9 et les politiciens sont effectivement pr\u00eats \u00e0 faire des compromis et sont conscients de la diff\u00e9rence de points de vue associ\u00e9s \u00e0 leur r\u00f4le sp\u00e9cifique. Il ne fait aucun doute qu&#8217;ils sont tous rationnellement capables de reconna\u00eetre les limites de la forme de raisonnement \u00e9thique dominante dans leur m\u00e9tier, et chacun d&#8217;entre eux poss\u00e8de sans aucun doute une boussole morale individuelle qui porte les traces des autres concepts \u00e9thiques.<\/p>\n<p>Toutefois, je pense que la reconnaissance active du type de consid\u00e9ration morale qui vous motive structurellement, vous ou votre interlocuteur, peut conduire \u00e0 un dialogue plus conscient et plus \u00e9quilibr\u00e9. La reconnaissance de la responsabilit\u00e9 individuelle (vertu), ainsi que de la responsabilit\u00e9 de ses actes (\u00e9thique du devoir) et des cons\u00e9quences de ses actes (\u00e9thique des cons\u00e9quences), est cruciale chez les d\u00e9cideurs politiques car ces trois \u00e9l\u00e9ments ont leur place dans notre sentiment \u00e9thique civil.<\/p>\n<p><em>PS : Nous parlerons plus tard de l&#8217;\u00e9thique de la justice.<br \/> <\/em><\/p>\n<p><em>Code de l&#8217;ordre des m\u00e9decins, et serment du m\u00e9decin :<br \/> <\/em><\/p>\n<p><span><a href=\"https:\/\/www.ordomedic.be\/fr\/code-2018\/\" target=\"_blank\" rel=\"noopener noreferrer\">https:\/\/www.ordomedic.be\/fr\/code-2018\/<\/a><\/span><\/p>\n<p><span><a href=\"https:\/\/ordomedic.be\/fr\/l-ordre\/serment-belgique\/\" target=\"_blank\" rel=\"noopener noreferrer\">https:\/\/ordomedic.be\/fr\/l-ordre\/serment-belgique\/<\/a><\/span><\/p>\n<p>[\/et_pb_toggle][et_pb_toggle title=&#8221;18\/09\/2020 &#8211; Date suppl\u00e9mentaire de la formation ouverte %22Ethiek : zin in zinderend zinnings%22 (en n\u00e9erlandais) : 12+13 novembre 2020&#8243; icon_color=&#8221;#e09900&#8243; use_icon_font_size=&#8221;on&#8221; icon_font_size=&#8221;32px&#8221; module_id=&#8221;News20200918&#8243; _builder_version=&#8221;4.7.7&#8243; _module_preset=&#8221;default&#8221; border_radii=&#8221;on|7px|7px|7px|7px&#8221; border_width_all=&#8221;2px&#8221; border_color_all=&#8221;#000000&#8243; box_shadow_style=&#8221;preset2&#8243;]<\/p>\n<p><strong>9h00 &#8211; Geetbets : Heerlijckyt van Elsmeren<\/strong>. Le cours &#8220;Zin in zinderend zinnigs&#8221; (en n\u00e9erlandais): cours de base de deux jours sur l&#8217;\u00e9thique, une application pratique des grandes th\u00e9ories occidentales en mati\u00e8re d&#8217;\u00e9thique.<br \/>Prix : \u20ac 850,00 TVA comprise pour le cours de deux jours avec nuit\u00e9e. 25% de r\u00e9duction pour les particuliers, les ASBL et les CV dans le secteur social.<\/p>\n<p>&nbsp;<\/p>\n<p><a href=\"https:\/\/zinnings.be\/fr\/sinscrire\/\"> S\u2019INSCRIRE<\/a><\/p>\n<p>&nbsp;<\/p>\n<p>[\/et_pb_toggle][et_pb_toggle title=&#8221; 10\/06\/2020 &#8211; Podcast de la VRT sur l&#8217;\u00e9thique et la durabilit\u00e9 dans les banques&#8221; icon_color=&#8221;#e09900&#8243; use_icon_font_size=&#8221;on&#8221; icon_font_size=&#8221;32px&#8221; module_id=&#8221;BlogVrtPodcast&#8221; _builder_version=&#8221;4.7.7&#8243; _module_preset=&#8221;default&#8221; border_radii=&#8221;on|7px|7px|7px|7px&#8221; border_width_all=&#8221;2px&#8221; border_color_all=&#8221;#e09900&#8243; box_shadow_style=&#8221;preset2&#8243;]<\/p>\n<p><span style=\"color: #666666; font-family: Lora, Georgia, 'Times New Roman', serif; font-size: 16px; font-style: normal; font-variant-ligatures: normal; font-variant-caps: normal; font-weight: 500; letter-spacing: normal; orphans: 2; text-align: left; text-indent: 0px; text-transform: none; white-space: normal; widows: 2; word-spacing: 0px; -webkit-text-stroke-width: 0px; background-color: #ffffff; text-decoration-style: initial; text-decoration-color: initial; display: inline !important; float: none;\">Podvis, vrtnws.be, 10 juin 2020 : \u00a0<\/span><a style=\"box-sizing: border-box; margin: 0px; padding: 0px; border: 0px; outline: 0px; font-size: 16px; text-size-adjust: 100%; vertical-align: baseline; background: #ffffff; color: #8d7060; text-decoration: none; font-family: Lora, Georgia, 'Times New Roman', serif; font-style: normal; font-variant-ligatures: normal; font-variant-caps: normal; font-weight: 500; letter-spacing: normal; orphans: 2; text-align: left; text-indent: 0px; text-transform: none; white-space: normal; widows: 2; word-spacing: 0px; -webkit-text-stroke-width: 0px;\" title=\"Podcast proper geld\" href=\"https:\/\/www.vrt.be\/vrtnws\/nl\/2020\/06\/05\/podvis-proper-geld\/\" target=\"_blank\" rel=\"noopener noreferrer\">&#8220;L&#8217;argent propre, \u00e7a existe?&#8221;<\/a><\/p>\n<p>Interviews : Jan Holderbeke ; Edition : Christine Van Tichel.<\/p>\n<p>[\/et_pb_toggle][\/et_pb_column][\/et_pb_row][\/et_pb_section]<\/p>\n","protected":false},"excerpt":{"rendered":"<p>9h00 &#8211; Geetbets : Heerlijckyt van Elsmeren, Belgique. Le cours &#8220;Zin in zinderend zinnigs&#8221; (en n\u00e9erlandais): cours de base de deux jours sur l&#8217;\u00e9thique, une application pratique des grands courants occidentaux en mati\u00e8re d&#8217;\u00e9thique. Prix : \u20ac 850,00 TVA comprise pour le cours de deux jours avec nuit\u00e9e. 25% de r\u00e9duction pour les particuliers, les ASBL et les SC dans le secteur social. &nbsp; S\u2019INSCRIRE \u00a09h00 &#8211; Geetbets : Heerlijckyt van Elsmeren, Belgique. Le cours &#8220;Zin in zinderend zinnigs&#8221; (en n\u00e9erlandais): cours de base de deux jours sur l&#8217;\u00e9thique, une application pratique des grands courants occidentaux en mati\u00e8re d&#8217;\u00e9thique. Prix : \u20ac 850,00 TVA comprise pour le cours de deux jours avec nuit\u00e9e. 25% de r\u00e9duction pour les particuliers, les ASBL et les SC dans le secteur social. &nbsp; S\u2019INSCRIRE \u00a0\u00c0 l&#8217;occasion du festivalFutureProof de Broederlijk Delen et OXFAM Magasins du monde, on m&#8217;a demand\u00e9 : &#8220;Lorsque vos petits-enfants se souviendront de ce jour, que trouveront ils inimaginable que nous consid\u00e9rions comme normal aujourd&#8217;hui ? En d&#8217;autres termes : qu&#8217;est-ce qui caract\u00e9rise notre soci\u00e9t\u00e9 aujourd&#8217;hui ? O\u00f9 sont nos angles morts ? &#8221; &nbsp; Une des choses qui m&#8217;est venue \u00e0 l&#8217;esprit, et que j&#8217;ai exprim\u00e9e dans le podcast, est [&hellip;]<\/p>\n","protected":false},"author":2,"featured_media":0,"parent":0,"menu_order":0,"comment_status":"closed","ping_status":"closed","template":"","meta":{"_et_pb_use_builder":"on","_et_pb_old_content":"","_et_gb_content_width":"","footnotes":""},"class_list":["post-5226","page","type-page","status-publish","hentry"],"yoast_head":"<!-- This site is optimized with the Yoast SEO plugin v28.4 - https:\/\/yoast.com\/product\/yoast-seo-wordpress\/ -->\n<title>Actualit\u00e9s et blog - Zinnings, votre raison d\u2019\u00eatre \u00e9thique<\/title>\n<meta name=\"robots\" content=\"index, follow, max-snippet:-1, max-image-preview:large, max-video-preview:-1\" \/>\n<link rel=\"canonical\" href=\"https:\/\/zinnings.be\/fr\/actualites-et-blog\/\" \/>\n<meta property=\"og:locale\" content=\"fr_FR\" \/>\n<meta property=\"og:type\" content=\"article\" \/>\n<meta property=\"og:title\" content=\"Actualit\u00e9s et blog - Zinnings, votre raison d\u2019\u00eatre \u00e9thique\" \/>\n<meta property=\"og:description\" content=\"L&#039;OFFRE &nbsp; Formations\u00c9thique Une formation pratique de deux jours sur l&#039;application pratique des 4 grandes th\u00e9ories \u00e9thiques occidentales. \u00a0\u00a0 2 JOURS \u00a0 \u00a0 \u00a0 \u00a0 \u00a0\u00a0 PARTICULIERS \u00a0\u00a0\u00a0 ORGANISATIONS \u00a0\u00a0\u00a0\u00a0\u00a0\u00a0 \u00a0 ENSEIGNEMENT &nbsp; Et ensuite? \u00a0 \u00a0 \u00a0 L&#039;\u00e9thique dans les organisations FORMATION \u00c9thique &nbsp; Une formation pratique de deux jours sur l&#039;application pratique des 4 grandes th\u00e9ories \u00e9thiques occidentales. Vous apprendrez qu&#039;il existe des th\u00e9ories \u00e9thiques qui structurent notre intuition. Vous pouvez rapidement apprendre l&#039;essentiel, enrichir votre vocabulaire avec les concepts cruciaux et ainsi faire des jugements \u00e9thiques plus \u00e9quilibr\u00e9s. On d\u00e9couvre certains des concepts, r\u00e8gles et principes des grands mouvements \u00e9thiques occidentaux, on apprend \u00e0 les reconna\u00eetre dans les enqu\u00eates, les articles de journaux et les blogs, et on reconna\u00eet imm\u00e9diatement quelle th\u00e9orie \u00e9thique a eu le dessus. Vous apprenez \u00e0 cr\u00e9er un \u00e9ventail d&#039;options plus riche avec les autres th\u00e9ories, et \u00e0 mieux les pond\u00e9rer que lorsque vous ne pensez qu&#039;en termes unidimensionnels. Nous r\u00e9fl\u00e9chissons sur les valeurs et les normes, et \u00e0 ce que les \u00e9motions ont \u00e0 voir avec elles. Vous obtenez quelques points d&#039;ancrage afin de mieux communiquer sur les sujets qui affectent votre sens de la justice. Vous serez mieux \u00e0 m\u00eame de [&hellip;]\" \/>\n<meta property=\"og:url\" content=\"https:\/\/zinnings.be\/fr\/actualites-et-blog\/\" \/>\n<meta property=\"og:site_name\" content=\"Zinnings, votre raison d\u2019\u00eatre \u00e9thique\" \/>\n<meta property=\"article:modified_time\" content=\"2021-07-01T14:57:22+00:00\" \/>\n<meta name=\"twitter:card\" content=\"summary_large_image\" \/>\n<meta name=\"twitter:label1\" content=\"Dur\u00e9e de lecture estim\u00e9e\" \/>\n\t<meta name=\"twitter:data1\" content=\"26 minutes\" \/>\n<script type=\"application\/ld+json\" class=\"yoast-schema-graph\">{\"@context\":\"https:\\\/\\\/schema.org\",\"@graph\":[{\"@type\":\"WebPage\",\"@id\":\"https:\\\/\\\/zinnings.be\\\/fr\\\/actualites-et-blog\\\/\",\"url\":\"https:\\\/\\\/zinnings.be\\\/fr\\\/actualites-et-blog\\\/\",\"name\":\"Actualit\u00e9s et blog - Zinnings, votre raison d\u2019\u00eatre \u00e9thique\",\"isPartOf\":{\"@id\":\"https:\\\/\\\/zinnings.be\\\/fr\\\/#website\"},\"datePublished\":\"2020-12-11T20:28:51+00:00\",\"dateModified\":\"2021-07-01T14:57:22+00:00\",\"breadcrumb\":{\"@id\":\"https:\\\/\\\/zinnings.be\\\/fr\\\/actualites-et-blog\\\/#breadcrumb\"},\"inLanguage\":\"fr-FR\",\"potentialAction\":[{\"@type\":\"ReadAction\",\"target\":[\"https:\\\/\\\/zinnings.be\\\/fr\\\/actualites-et-blog\\\/\"]}]},{\"@type\":\"BreadcrumbList\",\"@id\":\"https:\\\/\\\/zinnings.be\\\/fr\\\/actualites-et-blog\\\/#breadcrumb\",\"itemListElement\":[{\"@type\":\"ListItem\",\"position\":1,\"name\":\"Home\",\"item\":\"https:\\\/\\\/zinnings.be\\\/fr\\\/\"},{\"@type\":\"ListItem\",\"position\":2,\"name\":\"Actualit\u00e9s et blog\"}]},{\"@type\":\"WebSite\",\"@id\":\"https:\\\/\\\/zinnings.be\\\/fr\\\/#website\",\"url\":\"https:\\\/\\\/zinnings.be\\\/fr\\\/\",\"name\":\"Zinnings, votre raison d\u2019\u00eatre \u00e9thique\",\"description\":\"votre raison d\u2019\u00eatre \u00e9thique\",\"publisher\":{\"@id\":\"https:\\\/\\\/zinnings.be\\\/fr\\\/#organization\"},\"potentialAction\":[{\"@type\":\"SearchAction\",\"target\":{\"@type\":\"EntryPoint\",\"urlTemplate\":\"https:\\\/\\\/zinnings.be\\\/fr\\\/?s={search_term_string}\"},\"query-input\":{\"@type\":\"PropertyValueSpecification\",\"valueRequired\":true,\"valueName\":\"search_term_string\"}}],\"inLanguage\":\"fr-FR\"},{\"@type\":\"Organization\",\"@id\":\"https:\\\/\\\/zinnings.be\\\/fr\\\/#organization\",\"name\":\"zinnings\",\"url\":\"https:\\\/\\\/zinnings.be\\\/fr\\\/\",\"logo\":{\"@type\":\"ImageObject\",\"inLanguage\":\"fr-FR\",\"@id\":\"https:\\\/\\\/zinnings.be\\\/fr\\\/#\\\/schema\\\/logo\\\/image\\\/\",\"url\":\"https:\\\/\\\/zinnings.be\\\/wp-content\\\/uploads\\\/2020\\\/04\\\/Schermafbeelding-2020-04-30-om-16.01.55.png\",\"contentUrl\":\"https:\\\/\\\/zinnings.be\\\/wp-content\\\/uploads\\\/2020\\\/04\\\/Schermafbeelding-2020-04-30-om-16.01.55.png\",\"width\":230,\"height\":50,\"caption\":\"zinnings\"},\"image\":{\"@id\":\"https:\\\/\\\/zinnings.be\\\/fr\\\/#\\\/schema\\\/logo\\\/image\\\/\"}}]}<\/script>\n<!-- \/ Yoast SEO plugin. -->","yoast_head_json":{"title":"Actualit\u00e9s et blog - Zinnings, votre raison d\u2019\u00eatre \u00e9thique","robots":{"index":"index","follow":"follow","max-snippet":"max-snippet:-1","max-image-preview":"max-image-preview:large","max-video-preview":"max-video-preview:-1"},"canonical":"https:\/\/zinnings.be\/fr\/actualites-et-blog\/","og_locale":"fr_FR","og_type":"article","og_title":"Actualit\u00e9s et blog - Zinnings, votre raison d\u2019\u00eatre \u00e9thique","og_description":"L'OFFRE &nbsp; Formations\u00c9thique Une formation pratique de deux jours sur l'application pratique des 4 grandes th\u00e9ories \u00e9thiques occidentales. \u00a0\u00a0 2 JOURS \u00a0 \u00a0 \u00a0 \u00a0 \u00a0\u00a0 PARTICULIERS \u00a0\u00a0\u00a0 ORGANISATIONS \u00a0\u00a0\u00a0\u00a0\u00a0\u00a0 \u00a0 ENSEIGNEMENT &nbsp; Et ensuite? \u00a0 \u00a0 \u00a0 L'\u00e9thique dans les organisations FORMATION \u00c9thique &nbsp; Une formation pratique de deux jours sur l'application pratique des 4 grandes th\u00e9ories \u00e9thiques occidentales. Vous apprendrez qu'il existe des th\u00e9ories \u00e9thiques qui structurent notre intuition. Vous pouvez rapidement apprendre l'essentiel, enrichir votre vocabulaire avec les concepts cruciaux et ainsi faire des jugements \u00e9thiques plus \u00e9quilibr\u00e9s. On d\u00e9couvre certains des concepts, r\u00e8gles et principes des grands mouvements \u00e9thiques occidentaux, on apprend \u00e0 les reconna\u00eetre dans les enqu\u00eates, les articles de journaux et les blogs, et on reconna\u00eet imm\u00e9diatement quelle th\u00e9orie \u00e9thique a eu le dessus. Vous apprenez \u00e0 cr\u00e9er un \u00e9ventail d'options plus riche avec les autres th\u00e9ories, et \u00e0 mieux les pond\u00e9rer que lorsque vous ne pensez qu'en termes unidimensionnels. Nous r\u00e9fl\u00e9chissons sur les valeurs et les normes, et \u00e0 ce que les \u00e9motions ont \u00e0 voir avec elles. Vous obtenez quelques points d'ancrage afin de mieux communiquer sur les sujets qui affectent votre sens de la justice. Vous serez mieux \u00e0 m\u00eame de [&hellip;]","og_url":"https:\/\/zinnings.be\/fr\/actualites-et-blog\/","og_site_name":"Zinnings, votre raison d\u2019\u00eatre \u00e9thique","article_modified_time":"2021-07-01T14:57:22+00:00","twitter_card":"summary_large_image","twitter_misc":{"Dur\u00e9e de lecture estim\u00e9e":"26 minutes"},"schema":{"@context":"https:\/\/schema.org","@graph":[{"@type":"WebPage","@id":"https:\/\/zinnings.be\/fr\/actualites-et-blog\/","url":"https:\/\/zinnings.be\/fr\/actualites-et-blog\/","name":"Actualit\u00e9s et blog - Zinnings, votre raison d\u2019\u00eatre \u00e9thique","isPartOf":{"@id":"https:\/\/zinnings.be\/fr\/#website"},"datePublished":"2020-12-11T20:28:51+00:00","dateModified":"2021-07-01T14:57:22+00:00","breadcrumb":{"@id":"https:\/\/zinnings.be\/fr\/actualites-et-blog\/#breadcrumb"},"inLanguage":"fr-FR","potentialAction":[{"@type":"ReadAction","target":["https:\/\/zinnings.be\/fr\/actualites-et-blog\/"]}]},{"@type":"BreadcrumbList","@id":"https:\/\/zinnings.be\/fr\/actualites-et-blog\/#breadcrumb","itemListElement":[{"@type":"ListItem","position":1,"name":"Home","item":"https:\/\/zinnings.be\/fr\/"},{"@type":"ListItem","position":2,"name":"Actualit\u00e9s et blog"}]},{"@type":"WebSite","@id":"https:\/\/zinnings.be\/fr\/#website","url":"https:\/\/zinnings.be\/fr\/","name":"Zinnings, votre raison d\u2019\u00eatre \u00e9thique","description":"votre raison d\u2019\u00eatre \u00e9thique","publisher":{"@id":"https:\/\/zinnings.be\/fr\/#organization"},"potentialAction":[{"@type":"SearchAction","target":{"@type":"EntryPoint","urlTemplate":"https:\/\/zinnings.be\/fr\/?s={search_term_string}"},"query-input":{"@type":"PropertyValueSpecification","valueRequired":true,"valueName":"search_term_string"}}],"inLanguage":"fr-FR"},{"@type":"Organization","@id":"https:\/\/zinnings.be\/fr\/#organization","name":"zinnings","url":"https:\/\/zinnings.be\/fr\/","logo":{"@type":"ImageObject","inLanguage":"fr-FR","@id":"https:\/\/zinnings.be\/fr\/#\/schema\/logo\/image\/","url":"https:\/\/zinnings.be\/wp-content\/uploads\/2020\/04\/Schermafbeelding-2020-04-30-om-16.01.55.png","contentUrl":"https:\/\/zinnings.be\/wp-content\/uploads\/2020\/04\/Schermafbeelding-2020-04-30-om-16.01.55.png","width":230,"height":50,"caption":"zinnings"},"image":{"@id":"https:\/\/zinnings.be\/fr\/#\/schema\/logo\/image\/"}}]}},"_links":{"self":[{"href":"https:\/\/zinnings.be\/fr\/wp-json\/wp\/v2\/pages\/5226","targetHints":{"allow":["GET"]}}],"collection":[{"href":"https:\/\/zinnings.be\/fr\/wp-json\/wp\/v2\/pages"}],"about":[{"href":"https:\/\/zinnings.be\/fr\/wp-json\/wp\/v2\/types\/page"}],"author":[{"embeddable":true,"href":"https:\/\/zinnings.be\/fr\/wp-json\/wp\/v2\/users\/2"}],"replies":[{"embeddable":true,"href":"https:\/\/zinnings.be\/fr\/wp-json\/wp\/v2\/comments?post=5226"}],"version-history":[{"count":0,"href":"https:\/\/zinnings.be\/fr\/wp-json\/wp\/v2\/pages\/5226\/revisions"}],"wp:attachment":[{"href":"https:\/\/zinnings.be\/fr\/wp-json\/wp\/v2\/media?parent=5226"}],"curies":[{"name":"wp","href":"https:\/\/api.w.org\/{rel}","templated":true}]}}